{"id":62,"date":"2021-04-19T18:28:36","date_gmt":"2021-04-19T18:28:36","guid":{"rendered":"http:\/\/www.agvet.cz\/?page_id=62"},"modified":"2026-03-08T18:38:49","modified_gmt":"2026-03-08T18:38:49","slug":"o-nas","status":"publish","type":"page","link":"https:\/\/www.agvet.cz\/","title":{"rendered":"O n\u00e1s"},"content":{"rendered":"\n<h2 class=\"wp-block-heading\">Pozor: Zm\u011bna adresy a ordina\u010dn\u00ed doby od 9.b\u0159ezna 2026. Viz n\u00ed\u017ee.<\/h2>\n\n\n\n<p>Na\u0161e ordinace nab\u00edz\u00ed preventivn\u00ed a l\u00e9\u010debnou p\u00e9\u010di mal\u00fdch zv\u00ed\u0159at zam\u011b\u0159enou zejm\u00e9na na psy, ko\u010dky, drobn\u00e9 savce, plazy a papou\u0161ky.<\/p>\n\n\n\n<p><strong>Ordina\u010dn\u00ed doba<\/strong><\/p>\n\n\n\n<p>Prozatimn\u00ed ordina\u010dn\u00ed doba od <strong>9. b\u0159ezna 2026<\/strong>. Sledujte aktuality pro zm\u011bnu ordina\u010dn\u00ed doby v dal\u0161\u00edch t\u00fddnech.<\/p>\n\n\n\n<p>Pond\u011bl\u00ed:&nbsp; 17:00 &#8211; 20:00<br>\u00dater\u00fd:&nbsp;&nbsp;&nbsp;&nbsp;&nbsp; Opera\u010dn\u00ed den<br>St\u0159eda:&nbsp;&nbsp;&nbsp; 09:00 &#8211; 11:00, 17:00 &#8211; 20:00<br>\u010ctvrtek:&nbsp;&nbsp; Opera\u010dn\u00ed den <br>P\u00e1tek:&nbsp;&nbsp;&nbsp;&nbsp;&nbsp; 09:00 &#8211; 11:00<\/p>\n\n\n\n<p>Pozn.: \u00dater\u00fd a \u010ctvrtek vyhrazen pro pl\u00e1novan\u00e9 z\u00e1kroky. O\u0161et\u0159en\u00ed v tyto dny pouze po telefonick\u00e9 domluv\u011b.<\/p>\n\n\n\n<p>Pokud v\u00e1m nevyhovuj\u00ed ordina\u010dn\u00ed hodiny, zavolejte a najdeme spole\u010dn\u00fd term\u00edn.<\/p>\n\n\n\n<p><strong>Telefon<br><\/strong><span style=\"color: #15b6b8; font-size: 18px;\"><strong>+420 774 972 898\n<\/strong><\/span>\n\n\n\n<p><\/p>\n\n\n\n<p><strong>Adresa<\/strong><br>Freudova 415<br>742 58\u2002P\u0159\u00edbor<\/p>\n\n\n\n<p>Na\u0161e pracovi\u0161t\u011b je partnerem <a href=\"https:\/\/www.petexpert.cz\">PetExpert<\/a>.<\/p>\n\n\n\n<p>Zastupuj\u00edc\u00ed pracovi\u0161t\u011b v dob\u011b m\u00e9 nep\u0159\u00edtomnosti je veterin\u00e1rn\u00ed klinika L\u00edskovka F-M.<\/p>\n\n\n\n<p><strong>MVDr. Alexandra Gen\u010d\u00farov\u00e1<\/strong><\/p>\n\n\n\n<div class=\"wp-block-media-text alignwide is-stacked-on-mobile\" style=\"grid-template-columns:23% auto\"><figure class=\"wp-block-media-text__media\"><img loading=\"lazy\" decoding=\"async\" width=\"638\" height=\"1024\" src=\"http:\/\/www.agvet.cz\/wp-content\/uploads\/2026\/03\/uvodni_foto-638x1024.jpg\" alt=\"\" class=\"wp-image-582 size-full\" srcset=\"https:\/\/www.agvet.cz\/wp-content\/uploads\/2026\/03\/uvodni_foto-638x1024.jpg 638w, https:\/\/www.agvet.cz\/wp-content\/uploads\/2026\/03\/uvodni_foto-187x300.jpg 187w, https:\/\/www.agvet.cz\/wp-content\/uploads\/2026\/03\/uvodni_foto-768x1233.jpg 768w, https:\/\/www.agvet.cz\/wp-content\/uploads\/2026\/03\/uvodni_foto-957x1536.jpg 957w, https:\/\/www.agvet.cz\/wp-content\/uploads\/2026\/03\/uvodni_foto-1276x2048.jpg 1276w, https:\/\/www.agvet.cz\/wp-content\/uploads\/2026\/03\/uvodni_foto-scaled.jpg 1595w\" sizes=\"auto, (max-width: 638px) 100vw, 638px\" \/><\/figure><div class=\"wp-block-media-text__content\">\n<p>Doma jsme byli v\u017edy obklopeni zv\u00ed\u0159aty v\u0161ech druh\u016f. B\u00fdt kolem zv\u00ed\u0159at mi proto p\u0159i\u0161lo norm\u00e1ln\u00ed. Po \u0161kole na Veterin\u00e1rn\u00ed univerzit\u011b mne bavila zodpov\u011bdnost a adrenalin sm\u00ed\u0161en\u00e9 praxe. Dopoledne o\u0161et\u0159ovat psa, ko\u010dku, drobn\u00e9 savce a plazy. Odpoledne l\u00e9\u010dit hospod\u00e1\u0159sk\u00e1 zv\u00ed\u0159ata v ter\u00e9nu. Pozd\u011bji se k l\u00e1sce ke zv\u00ed\u0159at\u016fm p\u0159idala l\u00e1ska k rodin\u011b a dv\u011bma d\u011btem. <\/p>\n<\/div><\/div>\n\n\n\n<p><\/p>\n","protected":false},"excerpt":{"rendered":"<p>Pozor: Zm\u011bna adresy a ordina\u010dn\u00ed doby od 9.b\u0159ezna 2026. Viz n\u00ed\u017ee. Na\u0161e ordinace nab\u00edz\u00ed preventivn\u00ed a l\u00e9\u010debnou p\u00e9\u010di mal\u00fdch zv\u00ed\u0159at zam\u011b\u0159enou zejm\u00e9na na psy, ko\u010dky, drobn\u00e9 savce, plazy a papou\u0161ky. Ordina\u010dn\u00ed doba Prozatimn\u00ed ordina\u010dn\u00ed doba od 9. b\u0159ezna 2026. Sledujte aktuality pro zm\u011bnu ordina\u010dn\u00ed doby v dal\u0161\u00edch t\u00fddnech. Pond\u011bl\u00ed:&nbsp; 17:00 &#8211; 20:00\u00dater\u00fd:&nbsp;&nbsp;&nbsp;&nbsp;&nbsp; Opera\u010dn\u00ed denSt\u0159eda:&nbsp;&nbsp;&nbsp; 09:00&hellip; <a href=\"https:\/\/www.agvet.cz\/\" class=\"more-link\">Continue reading <span class=\"screen-reader-text\">O n\u00e1s<\/span><\/a><\/p>\n","protected":false},"author":1,"featured_media":0,"parent":0,"menu_order":0,"comment_status":"closed","ping_status":"closed","template":"","meta":{"footnotes":""},"class_list":["post-62","page","type-page","status-publish","hentry","without-featured-image"],"_links":{"self":[{"href":"https:\/\/www.agvet.cz\/index.php\/wp-json\/wp\/v2\/pages\/62","targetHints":{"allow":["GET"]}}],"collection":[{"href":"https:\/\/www.agvet.cz\/index.php\/wp-json\/wp\/v2\/pages"}],"about":[{"href":"https:\/\/www.agvet.cz\/index.php\/wp-json\/wp\/v2\/types\/page"}],"author":[{"embeddable":true,"href":"https:\/\/www.agvet.cz\/index.php\/wp-json\/wp\/v2\/users\/1"}],"replies":[{"embeddable":true,"href":"https:\/\/www.agvet.cz\/index.php\/wp-json\/wp\/v2\/comments?post=62"}],"version-history":[{"count":46,"href":"https:\/\/www.agvet.cz\/index.php\/wp-json\/wp\/v2\/pages\/62\/revisions"}],"predecessor-version":[{"id":584,"href":"https:\/\/www.agvet.cz\/index.php\/wp-json\/wp\/v2\/pages\/62\/revisions\/584"}],"wp:attachment":[{"href":"https:\/\/www.agvet.cz\/index.php\/wp-json\/wp\/v2\/media?parent=62"}],"curies":[{"name":"wp","href":"https:\/\/api.w.org\/{rel}","templated":true}]}}